{"id":419,"date":"2013-10-11T22:28:38","date_gmt":"2013-10-12T02:28:38","guid":{"rendered":"http:\/\/stagesante.uqat.ca\/wp\/?page_id=419"},"modified":"2016-08-28T14:49:29","modified_gmt":"2016-08-28T18:49:29","slug":"nos-collaborateurs-2","status":"publish","type":"page","link":"https:\/\/stagesante.uqat.ca\/wp\/?page_id=419","title":{"rendered":"Nos Collaborateurs"},"content":{"rendered":"<p>Dans le cadre du stage universitaire que repr\u00e9sente la Mission-Stage \u00e0 l&rsquo;international, l&rsquo;UQAT (l&rsquo;Universit\u00e9 du Qu\u00e9bec en Abitibi-T\u00e9miscamingue) a cr\u00e9\u00e9 des alliances avec ses collaborateurs \u00e0 l&rsquo;\u00e9tranger. Ces ententes sont consolid\u00e9es par des signatures d&rsquo;accords-cadres de partenariat. Ci-dessous la liste compl\u00e8te de ces organismes et des personnes qui s&rsquo;impliquent et font de nos Missions-Stages des r\u00e9ussites, ann\u00e9e apr\u00e8s ann\u00e9e.<\/p>\n<p>&nbsp;<\/p>\n<h4 style=\"color: #ee4525;\">P\u00e9rou<\/h4>\n<p>[divider scroll_text=\u00a0\u00bb\u00a0\u00bb]<br \/>\n&nbsp;<\/p>\n<ul>\n<li>\n<h5>Centre de sant\u00e9 de Maz\u00e1n (Centro de Salud de Maz\u00e1n)<\/h5>\n<\/li>\n<\/ul>\n<p>&nbsp;<br \/>\n\n<table id=\"tablepress-2\" class=\"tablepress tablepress-id-2\">\n<tbody>\n<tr class=\"row-1\">\n\t<td class=\"column-1\"><a attid=\"1213\"  href=\"http:\/\/stagesante.uqat.ca\/wp\/wp-content\/uploads\/2013\/11\/trio.jpg\"><img loading=\"lazy\" decoding=\"async\" src=\"http:\/\/stagesante.uqat.ca\/wp\/wp-content\/uploads\/2013\/11\/trio-150x115.jpg\" alt=\"\" width=\"150\" height=\"115\" class=\"aligncenter size-thumbnail wp-image-1213\" srcset=\"https:\/\/stagesante.uqat.ca\/wp\/wp-content\/uploads\/2013\/11\/trio-150x115.jpg 150w, https:\/\/stagesante.uqat.ca\/wp\/wp-content\/uploads\/2013\/11\/trio-300x231.jpg 300w, https:\/\/stagesante.uqat.ca\/wp\/wp-content\/uploads\/2013\/11\/trio.jpg 405w\" sizes=\"auto, (max-width: 150px) 100vw, 150px\" \/><\/a><\/td><td class=\"column-2\"><strong>Docteur Enrique Carbonell Julca<\/strong> (Gerante Micro Red Mazan)<br \/>\n<strong>Professeur Mario Br\u00fbl\u00e9<\/strong><br \/>\n<strong>Docteure Roxana Arce Grande<\/strong> (Jefe de Personal y Emergencias)<\/td>\n<\/tr>\n<tr class=\"row-2\">\n\t<td class=\"column-1\"><a attid=\"462\"  href=\"http:\/\/stagesante.uqat.ca\/wp\/wp-content\/uploads\/2013\/10\/enrique_montalla_carillo.jpg\"><img loading=\"lazy\" decoding=\"async\" src=\"http:\/\/stagesante.uqat.ca\/wp\/wp-content\/uploads\/2013\/10\/enrique_montalla_carillo-150x150.jpg\" alt=\"\" width=\"150\" height=\"150\" class=\"aligncenter size-thumbnail wp-image-462\" \/><\/a><\/td><td class=\"column-2\"><strong>Enrique Montalla Carillo<\/strong><br \/>\nCoordination locale \u2013 Lima<\/td>\n<\/tr>\n<tr class=\"row-3\">\n\t<td class=\"column-1\"><a attid=\"461\"  href=\"http:\/\/stagesante.uqat.ca\/wp\/wp-content\/uploads\/2013\/10\/antonio_sandoval.jpg\"><img loading=\"lazy\" decoding=\"async\" src=\"http:\/\/stagesante.uqat.ca\/wp\/wp-content\/uploads\/2013\/10\/antonio_sandoval-150x150.jpg\" alt=\"\" width=\"150\" height=\"150\" class=\"aligncenter size-thumbnail wp-image-461\" \/><\/a><\/td><td class=\"column-2\"><strong>Antonio Sandoval<\/strong><br \/>\nCoordination locale \u2013 Iquitos<\/td>\n<\/tr>\n<\/tbody>\n<\/table>\n<!-- #tablepress-2 from cache --><\/p>\n<p>&nbsp;<\/p>\n<h4 style=\"color: #ee4525;\">S\u00e9n\u00e9gal<\/h4>\n<p>[divider scroll_text=\u00a0\u00bb\u00a0\u00bb]<br \/>\n&nbsp;<\/p>\n<ul>\n<li style=\"height: 22px;\">\n<h5>Ambassade de la R\u00e9publique du S\u00e9n\u00e9gal \u00e0 Ottawa<\/h5>\n<\/li>\n<li style=\"height: 22px;\">\n<h5>Centre R\u00e9gional de Formation en Sant\u00e9 de Kaolack (CRFS-KL)<\/h5>\n<\/li>\n<li style=\"height: 22px;\">\n<h5>Poste de Sant\u00e9 de Thiar\u00e9, District Sanitaire de Ndoffane<\/h5>\n<\/li>\n<\/ul>\n<p>&nbsp;<br \/>\n\n<table id=\"tablepress-6\" class=\"tablepress tablepress-id-6\">\n<tbody>\n<tr class=\"row-1\">\n\t<td class=\"column-1\"><a attid=\"973\"  href=\"http:\/\/stagesante.uqat.ca\/wp\/wp-content\/uploads\/2013\/10\/diouf_jean_16_juin_2007.jpg\"><img loading=\"lazy\" decoding=\"async\" src=\"http:\/\/stagesante.uqat.ca\/wp\/wp-content\/uploads\/2013\/10\/diouf_jean_16_juin_2007-150x100.jpg\" alt=\"\" width=\"150\" height=\"100\" class=\"alignleft size-thumbnail wp-image-973\" srcset=\"https:\/\/stagesante.uqat.ca\/wp\/wp-content\/uploads\/2013\/10\/diouf_jean_16_juin_2007-150x100.jpg 150w, https:\/\/stagesante.uqat.ca\/wp\/wp-content\/uploads\/2013\/10\/diouf_jean_16_juin_2007-300x200.jpg 300w, https:\/\/stagesante.uqat.ca\/wp\/wp-content\/uploads\/2013\/10\/diouf_jean_16_juin_2007.jpg 448w\" sizes=\"auto, (max-width: 150px) 100vw, 150px\" \/><\/a><\/td><td class=\"column-2\">Entente entre l'UQAT et l'Ambassade de la R\u00e9publique du S\u00e9n\u00e9gal - Ottawa<br \/>\nSignature du protocole le 16 juin 2007 - Son Excellence le Ministre Conseiller de l'Ambassade du S\u00e9n\u00e9gal au Canada M. Mamadou Saliou Diouf et Mme Johanne Jean, Rectrice de l'Universit\u00e9 du Qu\u00e9bec en Abitibi-T\u00e9miscamigue.<\/td>\n<\/tr>\n<tr class=\"row-2\">\n\t<td class=\"column-1\"><a attid=\"969\"  href=\"http:\/\/stagesante.uqat.ca\/wp\/wp-content\/uploads\/2013\/10\/wone_brule_avril-2012.jpg\"><img loading=\"lazy\" decoding=\"async\" src=\"http:\/\/stagesante.uqat.ca\/wp\/wp-content\/uploads\/2013\/10\/wone_brule_avril-2012-150x124.jpg\" alt=\"\" width=\"150\" height=\"124\" class=\"alignleft size-thumbnail wp-image-969\" srcset=\"https:\/\/stagesante.uqat.ca\/wp\/wp-content\/uploads\/2013\/10\/wone_brule_avril-2012-150x124.jpg 150w, https:\/\/stagesante.uqat.ca\/wp\/wp-content\/uploads\/2013\/10\/wone_brule_avril-2012-300x249.jpg 300w, https:\/\/stagesante.uqat.ca\/wp\/wp-content\/uploads\/2013\/10\/wone_brule_avril-2012.jpg 669w\" sizes=\"auto, (max-width: 150px) 100vw, 150px\" \/><\/a><\/td><td class=\"column-2\">Rencontre dans les bureaux de la chancellerie de son Excellence l'Ambassadeur du S\u00e9n\u00e9gal \u00e0 Ottawa, M. Amadou Tidiane Wone. Cet entretien sur la collaboration des projets humanitaires au S\u00e9n\u00e9gal a eu lieu en avril 2012. Sur la photo, M. Amadou Tidiane Wone, Ambassadeur du S\u00e9n\u00e9gal au Canada et M. Mario Br\u00fbl\u00e9.<\/td>\n<\/tr>\n<tr class=\"row-3\">\n\t<td class=\"column-1\"><a attid=\"968\"  href=\"http:\/\/stagesante.uqat.ca\/wp\/wp-content\/uploads\/2013\/10\/ndeye_faye.jpg\"><img loading=\"lazy\" decoding=\"async\" src=\"http:\/\/stagesante.uqat.ca\/wp\/wp-content\/uploads\/2013\/10\/ndeye_faye-150x108.jpg\" alt=\"\" width=\"150\" height=\"108\" class=\"alignleft size-thumbnail wp-image-968\" srcset=\"https:\/\/stagesante.uqat.ca\/wp\/wp-content\/uploads\/2013\/10\/ndeye_faye-150x108.jpg 150w, https:\/\/stagesante.uqat.ca\/wp\/wp-content\/uploads\/2013\/10\/ndeye_faye-300x217.jpg 300w, https:\/\/stagesante.uqat.ca\/wp\/wp-content\/uploads\/2013\/10\/ndeye_faye.jpg 563w\" sizes=\"auto, (max-width: 150px) 100vw, 150px\" \/><\/a><\/td><td class=\"column-2\">Une entente de collaboration fut scell\u00e9e le 19 septembre 2012 entre le Centre R\u00e9gional de Formation en Sant\u00e9 de Kaolack (CRFS-KL), S\u00e9n\u00e9gal et l'UQAT. Sur la photo, Mme Nd\u00e8ye Faye, Directrice du Centre R\u00e9gional de Formation en Sant\u00e9 de Kaolack.<\/td>\n<\/tr>\n<tr class=\"row-4\">\n\t<td class=\"column-1\"><a attid=\"975\"  href=\"http:\/\/stagesante.uqat.ca\/wp\/wp-content\/uploads\/2013\/10\/faye_tako_ba_brule.jpg\"><img loading=\"lazy\" decoding=\"async\" src=\"http:\/\/stagesante.uqat.ca\/wp\/wp-content\/uploads\/2013\/10\/faye_tako_ba_brule-150x83.jpg\" alt=\"\" width=\"150\" height=\"83\" class=\"alignleft size-thumbnail wp-image-975\" srcset=\"https:\/\/stagesante.uqat.ca\/wp\/wp-content\/uploads\/2013\/10\/faye_tako_ba_brule-150x83.jpg 150w, https:\/\/stagesante.uqat.ca\/wp\/wp-content\/uploads\/2013\/10\/faye_tako_ba_brule-300x167.jpg 300w, https:\/\/stagesante.uqat.ca\/wp\/wp-content\/uploads\/2013\/10\/faye_tako_ba_brule.jpg 793w\" sizes=\"auto, (max-width: 150px) 100vw, 150px\" \/><\/a><\/td><td class=\"column-2\">Partenariat avec le Poste de Sant\u00e9 de Thiar\u00e9, District Sanitaire de Ndoffane - S\u00e9n\u00e9gal. Sur la photo, Boubacar Faye, ICP Poste de sant\u00e9 Thiar\u00e9, Dre Aly Tako B\u00e2, M\u00e9decin-chef du district sanitaire de Ndofane et Mario Br\u00fbl\u00e9.<br \/>\n <\/td>\n<\/tr>\n<tr class=\"row-5\">\n\t<td class=\"column-1\"><a attid=\"972\"  href=\"http:\/\/stagesante.uqat.ca\/wp\/wp-content\/uploads\/2013\/10\/comite_de_sante-de_thiare.jpg\"><img loading=\"lazy\" decoding=\"async\" src=\"http:\/\/stagesante.uqat.ca\/wp\/wp-content\/uploads\/2013\/10\/comite_de_sante-de_thiare-150x126.jpg\" alt=\"\" width=\"150\" height=\"126\" class=\"alignleft size-thumbnail wp-image-972\" srcset=\"https:\/\/stagesante.uqat.ca\/wp\/wp-content\/uploads\/2013\/10\/comite_de_sante-de_thiare-150x126.jpg 150w, https:\/\/stagesante.uqat.ca\/wp\/wp-content\/uploads\/2013\/10\/comite_de_sante-de_thiare-300x253.jpg 300w, https:\/\/stagesante.uqat.ca\/wp\/wp-content\/uploads\/2013\/10\/comite_de_sante-de_thiare.jpg 448w\" sizes=\"auto, (max-width: 150px) 100vw, 150px\" \/><\/a><\/td><td class=\"column-2\">Comit\u00e9 de sant\u00e9 du poste de sant\u00e9 de Thiar\u00e9<\/td>\n<\/tr>\n<tr class=\"row-6\">\n\t<td class=\"column-1\"><a attid=\"971\"  href=\"http:\/\/stagesante.uqat.ca\/wp\/wp-content\/uploads\/2013\/10\/chefs_de_village.jpg\"><img loading=\"lazy\" decoding=\"async\" src=\"http:\/\/stagesante.uqat.ca\/wp\/wp-content\/uploads\/2013\/10\/chefs_de_village-150x90.jpg\" alt=\"\" width=\"150\" height=\"90\" class=\"alignleft size-thumbnail wp-image-971\" srcset=\"https:\/\/stagesante.uqat.ca\/wp\/wp-content\/uploads\/2013\/10\/chefs_de_village-150x90.jpg 150w, https:\/\/stagesante.uqat.ca\/wp\/wp-content\/uploads\/2013\/10\/chefs_de_village-300x180.jpg 300w, https:\/\/stagesante.uqat.ca\/wp\/wp-content\/uploads\/2013\/10\/chefs_de_village.jpg 448w\" sizes=\"auto, (max-width: 150px) 100vw, 150px\" \/><\/a><\/td><td class=\"column-2\">Rencontre avec les chefs de village (57 en tout) de la communaut\u00e9 de Thiar\u00e9 (mai 2009).<\/td>\n<\/tr>\n<tr class=\"row-7\">\n\t<td class=\"column-1\"><a attid=\"970\"  href=\"http:\/\/stagesante.uqat.ca\/wp\/wp-content\/uploads\/2013\/10\/boubacar_faye.jpg\"><img loading=\"lazy\" decoding=\"async\" src=\"http:\/\/stagesante.uqat.ca\/wp\/wp-content\/uploads\/2013\/10\/boubacar_faye-150x123.jpg\" alt=\"\" width=\"150\" height=\"123\" class=\"alignleft size-thumbnail wp-image-970\" srcset=\"https:\/\/stagesante.uqat.ca\/wp\/wp-content\/uploads\/2013\/10\/boubacar_faye-150x123.jpg 150w, https:\/\/stagesante.uqat.ca\/wp\/wp-content\/uploads\/2013\/10\/boubacar_faye-300x247.jpg 300w, https:\/\/stagesante.uqat.ca\/wp\/wp-content\/uploads\/2013\/10\/boubacar_faye.jpg 442w\" sizes=\"auto, (max-width: 150px) 100vw, 150px\" \/><\/a><\/td><td class=\"column-2\">Boubacar Faye - Infirmier-chef<br \/>\nPoste de sant\u00e9 de Thiar\u00e9<br \/>\nProfesseur associ\u00e9 \u00e0 l'UQAT<\/td>\n<\/tr>\n<tr class=\"row-8\">\n\t<td class=\"column-1\"><a attid=\"976\"  href=\"http:\/\/stagesante.uqat.ca\/wp\/wp-content\/uploads\/2013\/10\/malick_faye.jpg\"><img loading=\"lazy\" decoding=\"async\" src=\"http:\/\/stagesante.uqat.ca\/wp\/wp-content\/uploads\/2013\/10\/malick_faye-150x128.jpg\" alt=\"\" width=\"150\" height=\"128\" class=\"alignleft size-thumbnail wp-image-976\" srcset=\"https:\/\/stagesante.uqat.ca\/wp\/wp-content\/uploads\/2013\/10\/malick_faye-150x128.jpg 150w, https:\/\/stagesante.uqat.ca\/wp\/wp-content\/uploads\/2013\/10\/malick_faye-300x257.jpg 300w, https:\/\/stagesante.uqat.ca\/wp\/wp-content\/uploads\/2013\/10\/malick_faye.jpg 517w\" sizes=\"auto, (max-width: 150px) 100vw, 150px\" \/><\/a><\/td><td class=\"column-2\">Malick Faye - Infirmier d'\u00c9tat<br \/>\nProfesseur associ\u00e9 \u00e0 l'UQAT<br \/>\nCoordonnateur national<br \/>\nEnseignant en soins infirmiers, \u00c9cole Priv\u00e9e Mboutou Sow de Kaolack<\/td>\n<\/tr>\n<\/tbody>\n<\/table>\n<!-- #tablepress-6 from cache --><\/p>\n<!-- AddThis Advanced Settings generic via filter on the_content --><!-- AddThis Share Buttons generic via filter on the_content -->","protected":false},"excerpt":{"rendered":"<p>Dans le cadre du stage universitaire que repr\u00e9sente la Mission-Stage \u00e0 l&rsquo;international, l&rsquo;UQAT (l&rsquo;Universit\u00e9 du Qu\u00e9bec en Abitibi-T\u00e9miscamingue) a cr\u00e9\u00e9 des alliances avec ses collaborateurs \u00e0 l&rsquo;\u00e9tranger. Ces ententes sont consolid\u00e9es par des signatures d&rsquo;accords-cadres de partenariat. Ci-dessous la liste compl\u00e8te de ces organismes et des personnes qui s&rsquo;impliquent et font de nos Missions-Stages des &hellip; <a href=\"https:\/\/stagesante.uqat.ca\/wp\/?page_id=419\" class=\"more-link\">Continuer la lecture de <span class=\"screen-reader-text\">Nos Collaborateurs<\/span>  <span class=\"meta-nav\">&rarr;<\/span><\/a><!-- AddThis Advanced Settings generic via filter on wp_trim_excerpt --><!-- AddThis Share Buttons generic via filter on wp_trim_excerpt --><\/p>\n","protected":false},"author":1,"featured_media":0,"parent":0,"menu_order":0,"comment_status":"closed","ping_status":"closed","template":"","meta":{"_exactmetrics_skip_tracking":false,"_exactmetrics_sitenote_active":false,"_exactmetrics_sitenote_note":"","_exactmetrics_sitenote_category":0,"footnotes":""},"class_list":["post-419","page","type-page","status-publish","hentry"],"_links":{"self":[{"href":"https:\/\/stagesante.uqat.ca\/wp\/index.php?rest_route=\/wp\/v2\/pages\/419","targetHints":{"allow":["GET"]}}],"collection":[{"href":"https:\/\/stagesante.uqat.ca\/wp\/index.php?rest_route=\/wp\/v2\/pages"}],"about":[{"href":"https:\/\/stagesante.uqat.ca\/wp\/index.php?rest_route=\/wp\/v2\/types\/page"}],"author":[{"embeddable":true,"href":"https:\/\/stagesante.uqat.ca\/wp\/index.php?rest_route=\/wp\/v2\/users\/1"}],"replies":[{"embeddable":true,"href":"https:\/\/stagesante.uqat.ca\/wp\/index.php?rest_route=%2Fwp%2Fv2%2Fcomments&post=419"}],"version-history":[{"count":0,"href":"https:\/\/stagesante.uqat.ca\/wp\/index.php?rest_route=\/wp\/v2\/pages\/419\/revisions"}],"wp:attachment":[{"href":"https:\/\/stagesante.uqat.ca\/wp\/index.php?rest_route=%2Fwp%2Fv2%2Fmedia&parent=419"}],"curies":[{"name":"wp","href":"https:\/\/api.w.org\/{rel}","templated":true}]}}